{"id":1382,"date":"2020-11-17T15:28:31","date_gmt":"2020-11-17T14:28:31","guid":{"rendered":"https:\/\/www.montluconcoeurdeville.org\/?page_id=1382"},"modified":"2023-02-28T15:14:50","modified_gmt":"2023-02-28T14:14:50","slug":"lassociation","status":"publish","type":"page","link":"https:\/\/www.montluconcoeurdeville.org\/index.php\/lassociation\/","title":{"rendered":"L&rsquo;ASSOCIATION"},"content":{"rendered":"\t\t<div data-elementor-type=\"wp-page\" data-elementor-id=\"1382\" class=\"elementor elementor-1382\">\n\t\t\t\t\t\t<section class=\"elementor-section elementor-top-section elementor-element elementor-element-197d73b7 elementor-section-content-bottom elementor-section-boxed elementor-section-height-default elementor-section-height-default\" data-id=\"197d73b7\" data-element_type=\"section\" data-e-type=\"section\">\n\t\t\t\t\t\t<div class=\"elementor-container elementor-column-gap-default\">\n\t\t\t\t\t<div class=\"elementor-column elementor-col-100 elementor-top-column elementor-element elementor-element-16b28313\" data-id=\"16b28313\" data-element_type=\"column\" data-e-type=\"column\">\n\t\t\t<div class=\"elementor-widget-wrap elementor-element-populated\">\n\t\t\t\t\t\t<div class=\"elementor-element elementor-element-066b11d elementor-invisible elementor-widget elementor-widget-text-editor\" data-id=\"066b11d\" data-element_type=\"widget\" data-e-type=\"widget\" data-settings=\"{&quot;_animation&quot;:&quot;fadeInDown&quot;}\" data-widget_type=\"text-editor.default\">\n\t\t\t\t<div class=\"elementor-widget-container\">\n\t\t\t\t\t\t\t\t\t<p>L\u2019association C\u0153ur de Ville est n\u00e9e de l\u2019impulsion de commer\u00e7ants fiers de leur ville. Depuis sa cr\u00e9ation en 2018, l\u2019association s\u2019est structur\u00e9e et d\u00e9velopp\u00e9e dans l\u2019objectif que les acteurs \u00e9conomiques et sociaux partagent, \u00e9changent, et contribuent \u00e0 la dynamique de Montlu\u00e7on. C\u0153ur de Ville vous propose de d\u00e9couvrir les adh\u00e9rents de l\u2019association.<\/p>\t\t\t\t\t\t\t\t<\/div>\n\t\t\t\t<\/div>\n\t\t\t\t\t<\/div>\n\t\t<\/div>\n\t\t\t\t\t<\/div>\n\t\t<\/section>\n\t\t\t\t<section class=\"elementor-section elementor-top-section elementor-element elementor-element-3131a7f elementor-section-content-bottom elementor-section-boxed elementor-section-height-default elementor-section-height-default\" data-id=\"3131a7f\" data-element_type=\"section\" data-e-type=\"section\">\n\t\t\t\t\t\t<div class=\"elementor-container elementor-column-gap-default\">\n\t\t\t\t\t<div class=\"elementor-column elementor-col-100 elementor-top-column elementor-element elementor-element-4d505ac\" data-id=\"4d505ac\" data-element_type=\"column\" data-e-type=\"column\">\n\t\t\t<div class=\"elementor-widget-wrap elementor-element-populated\">\n\t\t\t\t\t\t<div class=\"elementor-element elementor-element-19ff4be elementor-invisible elementor-widget elementor-widget-heading\" data-id=\"19ff4be\" data-element_type=\"widget\" data-e-type=\"widget\" data-settings=\"{&quot;_animation&quot;:&quot;fadeInDown&quot;}\" data-widget_type=\"heading.default\">\n\t\t\t\t<div class=\"elementor-widget-container\">\n\t\t\t\t\t<h2 class=\"elementor-heading-title elementor-size-default\">Quel est le r\u00f4le de l'association?<\/h2>\t\t\t\t<\/div>\n\t\t\t\t<\/div>\n\t\t\t\t<div class=\"elementor-element elementor-element-c81cce9 elementor-invisible elementor-widget elementor-widget-text-editor\" data-id=\"c81cce9\" data-element_type=\"widget\" data-e-type=\"widget\" data-settings=\"{&quot;_animation&quot;:&quot;fadeInDown&quot;}\" data-widget_type=\"text-editor.default\">\n\t\t\t\t<div class=\"elementor-widget-container\">\n\t\t\t\t\t\t\t\t\t<p><\/p>\n<section class=\"av_textblock_section\">\n<div class=\"avia_textblock \">\n<ul>\n<li>D\u00e9fendre les int\u00e9r\u00eats communs des commer\u00e7ants en maintenant un \u00e9quilibre dans le d\u00e9veloppement de l\u2019appareil commercial.<\/li><\/ul><div><br><\/div><ul>\n<li><span style=\"font-family: var( --e-global-typography-text-font-family ), Sans-serif;\">R\u00e9pondre \u00e0 l\u2019\u00e9vasion commerciale des consommateurs vers les grands centre urbains r\u00e9gionaux en organisant toutes op\u00e9rations commerciales susceptibles d\u2019animer la ville ou de valoriser les adh\u00e9rents aupr\u00e8s des consommateurs potentiels.<\/span><\/li>\n<\/ul>\n<div>&nbsp;<\/div>\n<ul>\n<li><span style=\"font-family: var( --e-global-typography-text-font-family ), Sans-serif;\">Repr\u00e9senter les int\u00e9r\u00eats des adh\u00e9rents aupr\u00e8s des administrations, collectivit\u00e9s locales, chambres consulaires et tout autre organisme administratif ou \u00e9conomique.<\/span><\/li>\n<\/ul>\n<div>&nbsp;<\/div>\n<ul>\n<li><span style=\"font-family: var( --e-global-typography-text-font-family ), Sans-serif;\">Cr\u00e9er ou participer aux activit\u00e9s culturelles ou sportives sous forme d\u2019actions.<\/span><\/li>\n<\/ul>\n<div>&nbsp;<\/div>\n<ul>\n<li><span style=\"font-family: var( --e-global-typography-text-font-family ), Sans-serif;\">Animer la ville, et contribuer \u00e0 la richesse du calendrier d\u2019\u00e9v\u00e9nements, de mani\u00e8re \u00e0 favoriser l\u2019activit\u00e9 commerciale en augmentant l\u2019attrait de la ville pour les visiteurs.<\/span><\/li>\n<\/ul>\n<\/div>\n<\/section>\n<p><\/p>\t\t\t\t\t\t\t\t<\/div>\n\t\t\t\t<\/div>\n\t\t\t\t\t<\/div>\n\t\t<\/div>\n\t\t\t\t\t<\/div>\n\t\t<\/section>\n\t\t\t\t<section class=\"elementor-section elementor-top-section elementor-element elementor-element-70c64d2 elementor-section-content-bottom elementor-section-boxed elementor-section-height-default elementor-section-height-default\" data-id=\"70c64d2\" data-element_type=\"section\" data-e-type=\"section\">\n\t\t\t\t\t\t<div class=\"elementor-container elementor-column-gap-default\">\n\t\t\t\t\t<div class=\"elementor-column elementor-col-100 elementor-top-column elementor-element elementor-element-124c814\" data-id=\"124c814\" data-element_type=\"column\" data-e-type=\"column\">\n\t\t\t<div class=\"elementor-widget-wrap elementor-element-populated\">\n\t\t\t\t\t\t<div class=\"elementor-element elementor-element-7ca4711 elementor-invisible elementor-widget elementor-widget-heading\" data-id=\"7ca4711\" data-element_type=\"widget\" data-e-type=\"widget\" data-settings=\"{&quot;_animation&quot;:&quot;fadeInDown&quot;}\" data-widget_type=\"heading.default\">\n\t\t\t\t<div class=\"elementor-widget-container\">\n\t\t\t\t\t<h2 class=\"elementor-heading-title elementor-size-default\">Adh\u00e9sion \u00e0 Coeur de Ville <\/h2>\t\t\t\t<\/div>\n\t\t\t\t<\/div>\n\t\t\t\t<div class=\"elementor-element elementor-element-aeca4d3 elementor-invisible elementor-widget elementor-widget-text-editor\" data-id=\"aeca4d3\" data-element_type=\"widget\" data-e-type=\"widget\" data-settings=\"{&quot;_animation&quot;:&quot;fadeInDown&quot;}\" data-widget_type=\"text-editor.default\">\n\t\t\t\t<div class=\"elementor-widget-container\">\n\t\t\t\t\t\t\t\t\t<p><\/p>\n<section class=\"av_textblock_section\">\n<div class=\"avia_textblock \">\n<p><strong><u>Pourquoi ?<\/u><\/strong><\/p>\n<p>Aujourd\u2019hui, fier de repr\u00e9senter pr\u00e8s de 150 commer\u00e7ants et artisans. Plus nous serons nombreux, plus nous serons repr\u00e9sentatifs et nous aurons les moyens de r\u00e9aliser encore plus!<\/p>\n<p><u><b>Avantages ?<\/b><\/u><\/p>\n<p>Nouveaux arrivants, commer\u00e7ants du centre ville, si vous nous rejoignez vous profiterez d\u2019une meilleure information, et d\u2019une visibilit\u00e9 d\u00e9cupl\u00e9e via les diff\u00e9rentes actions men\u00e9es ainsi que les r\u00e9seaux sociaux.<\/p>\n<p><strong><u>Comment adh\u00e9rer ?<\/u><\/strong><\/p>\n<p>Contactez nous par Facebook ou par mail et vous recevrez votre bulletin d\u2019adh\u00e9sion \u00e0 compl\u00e9ter.&nbsp;<\/p>\n<\/div>\n<\/section>\n<p><\/p>\t\t\t\t\t\t\t\t<\/div>\n\t\t\t\t<\/div>\n\t\t\t\t<div class=\"elementor-element elementor-element-05c2c8a elementor-shape-circle e-grid-align-tablet-right e-grid-align-mobile-center elementor-grid-3 e-grid-align-center elementor-widget elementor-widget-social-icons\" data-id=\"05c2c8a\" data-element_type=\"widget\" data-e-type=\"widget\" data-widget_type=\"social-icons.default\">\n\t\t\t\t<div class=\"elementor-widget-container\">\n\t\t\t\t\t\t\t<div class=\"elementor-social-icons-wrapper elementor-grid\" role=\"list\">\n\t\t\t\t\t\t\t<span class=\"elementor-grid-item\" role=\"listitem\">\n\t\t\t\t\t<a class=\"elementor-icon elementor-social-icon elementor-social-icon-facebook-f elementor-repeater-item-afbceec\" href=\"https:\/\/www.facebook.com\/montluconcoeurdeville\" target=\"_blank\">\n\t\t\t\t\t\t<span class=\"elementor-screen-only\">Facebook-f<\/span>\n\t\t\t\t\t\t<i aria-hidden=\"true\" class=\"fab fa-facebook-f\"><\/i>\t\t\t\t\t<\/a>\n\t\t\t\t<\/span>\n\t\t\t\t\t\t\t<span class=\"elementor-grid-item\" role=\"listitem\">\n\t\t\t\t\t<a class=\"elementor-icon elementor-social-icon elementor-social-icon-envelope elementor-repeater-item-aq66v58\" href=\"mailto:coeurdeville03100@gmail.com\" target=\"_blank\">\n\t\t\t\t\t\t<span class=\"elementor-screen-only\">Envelope<\/span>\n\t\t\t\t\t\t<i aria-hidden=\"true\" class=\"fas fa-envelope\"><\/i>\t\t\t\t\t<\/a>\n\t\t\t\t<\/span>\n\t\t\t\t\t<\/div>\n\t\t\t\t\t\t<\/div>\n\t\t\t\t<\/div>\n\t\t\t\t\t<\/div>\n\t\t<\/div>\n\t\t\t\t\t<\/div>\n\t\t<\/section>\n\t\t\t\t<section class=\"elementor-section elementor-top-section elementor-element elementor-element-6bb5947 elementor-section-boxed elementor-section-height-default elementor-section-height-default\" data-id=\"6bb5947\" data-element_type=\"section\" data-e-type=\"section\">\n\t\t\t\t\t\t<div class=\"elementor-container elementor-column-gap-default\">\n\t\t\t\t\t<div class=\"elementor-column elementor-col-100 elementor-top-column elementor-element elementor-element-a8896b0\" data-id=\"a8896b0\" data-element_type=\"column\" data-e-type=\"column\">\n\t\t\t<div class=\"elementor-widget-wrap elementor-element-populated\">\n\t\t\t\t\t\t<div class=\"elementor-element elementor-element-fc88aab elementor-widget elementor-widget-image\" data-id=\"fc88aab\" data-element_type=\"widget\" data-e-type=\"widget\" data-widget_type=\"image.default\">\n\t\t\t\t<div class=\"elementor-widget-container\">\n\t\t\t\t\t\t\t\t\t\t\t\t\t\t\t<img decoding=\"async\" width=\"150\" height=\"71\" src=\"https:\/\/www.montluconcoeurdeville.org\/wp-content\/uploads\/2023\/02\/cropped-cropped-cropped-cropped-cropped-cropped-cropped-logo1-1-150x71.png\" class=\"attachment-medium size-medium wp-image-1942\" alt=\"\" srcset=\"https:\/\/www.montluconcoeurdeville.org\/wp-content\/uploads\/2023\/02\/cropped-cropped-cropped-cropped-cropped-cropped-cropped-logo1-1-150x71.png 150w, https:\/\/www.montluconcoeurdeville.org\/wp-content\/uploads\/2023\/02\/cropped-cropped-cropped-cropped-cropped-cropped-cropped-logo1-1-1024x483.png 1024w, https:\/\/www.montluconcoeurdeville.org\/wp-content\/uploads\/2023\/02\/cropped-cropped-cropped-cropped-cropped-cropped-cropped-logo1-1-768x362.png 768w, https:\/\/www.montluconcoeurdeville.org\/wp-content\/uploads\/2023\/02\/cropped-cropped-cropped-cropped-cropped-cropped-cropped-logo1-1-1536x725.png 1536w, https:\/\/www.montluconcoeurdeville.org\/wp-content\/uploads\/2023\/02\/cropped-cropped-cropped-cropped-cropped-cropped-cropped-logo1-1.png 1999w\" sizes=\"(max-width: 150px) 100vw, 150px\" \/>\t\t\t\t\t\t\t\t\t\t\t\t\t\t\t<\/div>\n\t\t\t\t<\/div>\n\t\t\t\t\t<\/div>\n\t\t<\/div>\n\t\t\t\t\t<\/div>\n\t\t<\/section>\n\t\t\t\t<\/div>\n\t\t","protected":false},"excerpt":{"rendered":"<p>L\u2019association C\u0153ur de Ville est n\u00e9e de l\u2019impulsion de commer\u00e7ants fiers de leur ville. Depuis sa cr\u00e9ation en 2018, l\u2019association s\u2019est structur\u00e9e et d\u00e9velopp\u00e9e dans l\u2019objectif que les acteurs \u00e9conomiques [&hellip;]<\/p>\n","protected":false},"author":3,"featured_media":0,"parent":0,"menu_order":0,"comment_status":"closed","ping_status":"closed","template":"","meta":{"footnotes":""},"class_list":["post-1382","page","type-page","status-publish","hentry","entry"],"yoast_head":"<!-- This site is optimized with the Yoast SEO plugin v21.7 - https:\/\/yoast.com\/wordpress\/plugins\/seo\/ -->\n<title>L&#039;ASSOCIATION - Montlu\u00e7on C\u0153ur de Ville<\/title>\n<meta name=\"robots\" content=\"index, follow, max-snippet:-1, max-image-preview:large, max-video-preview:-1\" \/>\n<link rel=\"canonical\" href=\"https:\/\/www.montluconcoeurdeville.org\/index.php\/lassociation\/\" \/>\n<meta property=\"og:locale\" content=\"fr_FR\" \/>\n<meta property=\"og:type\" content=\"article\" \/>\n<meta property=\"og:title\" content=\"L&#039;ASSOCIATION - Montlu\u00e7on C\u0153ur de Ville\" \/>\n<meta property=\"og:description\" content=\"L\u2019association C\u0153ur de Ville est n\u00e9e de l\u2019impulsion de commer\u00e7ants fiers de leur ville. Depuis sa cr\u00e9ation en 2018, l\u2019association s\u2019est structur\u00e9e et d\u00e9velopp\u00e9e dans l\u2019objectif que les acteurs \u00e9conomiques [&hellip;]\" \/>\n<meta property=\"og:url\" content=\"https:\/\/www.montluconcoeurdeville.org\/index.php\/lassociation\/\" \/>\n<meta property=\"og:site_name\" content=\"Montlu\u00e7on C\u0153ur de Ville\" \/>\n<meta property=\"article:modified_time\" content=\"2023-02-28T14:14:50+00:00\" \/>\n<meta property=\"og:image\" content=\"https:\/\/www.montluconcoeurdeville.org\/wp-content\/uploads\/2023\/02\/cropped-cropped-cropped-cropped-cropped-cropped-cropped-logo1-1-150x71.png\" \/>\n<meta name=\"twitter:card\" content=\"summary_large_image\" \/>\n<meta name=\"twitter:label1\" content=\"Dur\u00e9e de lecture estim\u00e9e\" \/>\n\t<meta name=\"twitter:data1\" content=\"2 minutes\" \/>\n<script type=\"application\/ld+json\" class=\"yoast-schema-graph\">{\"@context\":\"https:\/\/schema.org\",\"@graph\":[{\"@type\":\"WebPage\",\"@id\":\"https:\/\/www.montluconcoeurdeville.org\/index.php\/lassociation\/\",\"url\":\"https:\/\/www.montluconcoeurdeville.org\/index.php\/lassociation\/\",\"name\":\"L'ASSOCIATION - Montlu\u00e7on C\u0153ur de Ville\",\"isPartOf\":{\"@id\":\"https:\/\/www.montluconcoeurdeville.org\/#website\"},\"datePublished\":\"2020-11-17T14:28:31+00:00\",\"dateModified\":\"2023-02-28T14:14:50+00:00\",\"breadcrumb\":{\"@id\":\"https:\/\/www.montluconcoeurdeville.org\/index.php\/lassociation\/#breadcrumb\"},\"inLanguage\":\"fr-FR\",\"potentialAction\":[{\"@type\":\"ReadAction\",\"target\":[\"https:\/\/www.montluconcoeurdeville.org\/index.php\/lassociation\/\"]}]},{\"@type\":\"BreadcrumbList\",\"@id\":\"https:\/\/www.montluconcoeurdeville.org\/index.php\/lassociation\/#breadcrumb\",\"itemListElement\":[{\"@type\":\"ListItem\",\"position\":1,\"name\":\"Accueil\",\"item\":\"https:\/\/www.montluconcoeurdeville.org\/\"},{\"@type\":\"ListItem\",\"position\":2,\"name\":\"L&rsquo;ASSOCIATION\"}]},{\"@type\":\"WebSite\",\"@id\":\"https:\/\/www.montluconcoeurdeville.org\/#website\",\"url\":\"https:\/\/www.montluconcoeurdeville.org\/\",\"name\":\"Montlu\u00e7on C\u0153ur de Ville\",\"description\":\"Association des acteurs \u00e9conomiques et sociaux du c\u0153ur de Montlu\u00e7on\",\"publisher\":{\"@id\":\"https:\/\/www.montluconcoeurdeville.org\/#organization\"},\"potentialAction\":[{\"@type\":\"SearchAction\",\"target\":{\"@type\":\"EntryPoint\",\"urlTemplate\":\"https:\/\/www.montluconcoeurdeville.org\/?s={search_term_string}\"},\"query-input\":\"required name=search_term_string\"}],\"inLanguage\":\"fr-FR\"},{\"@type\":\"Organization\",\"@id\":\"https:\/\/www.montluconcoeurdeville.org\/#organization\",\"name\":\"Montlu\u00e7on C\u0153ur de Ville\",\"url\":\"https:\/\/www.montluconcoeurdeville.org\/\",\"logo\":{\"@type\":\"ImageObject\",\"inLanguage\":\"fr-FR\",\"@id\":\"https:\/\/www.montluconcoeurdeville.org\/#\/schema\/logo\/image\/\",\"url\":\"https:\/\/www.montluconcoeurdeville.org\/wp-content\/uploads\/2023\/02\/cropped-cropped-cropped-cropped-cropped-cropped-cropped-logo1-1.png\",\"contentUrl\":\"https:\/\/www.montluconcoeurdeville.org\/wp-content\/uploads\/2023\/02\/cropped-cropped-cropped-cropped-cropped-cropped-cropped-logo1-1.png\",\"width\":1999,\"height\":943,\"caption\":\"Montlu\u00e7on C\u0153ur de Ville\"},\"image\":{\"@id\":\"https:\/\/www.montluconcoeurdeville.org\/#\/schema\/logo\/image\/\"}}]}<\/script>\n<!-- \/ Yoast SEO plugin. -->","yoast_head_json":{"title":"L'ASSOCIATION - Montlu\u00e7on C\u0153ur de Ville","robots":{"index":"index","follow":"follow","max-snippet":"max-snippet:-1","max-image-preview":"max-image-preview:large","max-video-preview":"max-video-preview:-1"},"canonical":"https:\/\/www.montluconcoeurdeville.org\/index.php\/lassociation\/","og_locale":"fr_FR","og_type":"article","og_title":"L'ASSOCIATION - Montlu\u00e7on C\u0153ur de Ville","og_description":"L\u2019association C\u0153ur de Ville est n\u00e9e de l\u2019impulsion de commer\u00e7ants fiers de leur ville. Depuis sa cr\u00e9ation en 2018, l\u2019association s\u2019est structur\u00e9e et d\u00e9velopp\u00e9e dans l\u2019objectif que les acteurs \u00e9conomiques [&hellip;]","og_url":"https:\/\/www.montluconcoeurdeville.org\/index.php\/lassociation\/","og_site_name":"Montlu\u00e7on C\u0153ur de Ville","article_modified_time":"2023-02-28T14:14:50+00:00","og_image":[{"url":"https:\/\/www.montluconcoeurdeville.org\/wp-content\/uploads\/2023\/02\/cropped-cropped-cropped-cropped-cropped-cropped-cropped-logo1-1-150x71.png"}],"twitter_card":"summary_large_image","twitter_misc":{"Dur\u00e9e de lecture estim\u00e9e":"2 minutes"},"schema":{"@context":"https:\/\/schema.org","@graph":[{"@type":"WebPage","@id":"https:\/\/www.montluconcoeurdeville.org\/index.php\/lassociation\/","url":"https:\/\/www.montluconcoeurdeville.org\/index.php\/lassociation\/","name":"L'ASSOCIATION - Montlu\u00e7on C\u0153ur de Ville","isPartOf":{"@id":"https:\/\/www.montluconcoeurdeville.org\/#website"},"datePublished":"2020-11-17T14:28:31+00:00","dateModified":"2023-02-28T14:14:50+00:00","breadcrumb":{"@id":"https:\/\/www.montluconcoeurdeville.org\/index.php\/lassociation\/#breadcrumb"},"inLanguage":"fr-FR","potentialAction":[{"@type":"ReadAction","target":["https:\/\/www.montluconcoeurdeville.org\/index.php\/lassociation\/"]}]},{"@type":"BreadcrumbList","@id":"https:\/\/www.montluconcoeurdeville.org\/index.php\/lassociation\/#breadcrumb","itemListElement":[{"@type":"ListItem","position":1,"name":"Accueil","item":"https:\/\/www.montluconcoeurdeville.org\/"},{"@type":"ListItem","position":2,"name":"L&rsquo;ASSOCIATION"}]},{"@type":"WebSite","@id":"https:\/\/www.montluconcoeurdeville.org\/#website","url":"https:\/\/www.montluconcoeurdeville.org\/","name":"Montlu\u00e7on C\u0153ur de Ville","description":"Association des acteurs \u00e9conomiques et sociaux du c\u0153ur de Montlu\u00e7on","publisher":{"@id":"https:\/\/www.montluconcoeurdeville.org\/#organization"},"potentialAction":[{"@type":"SearchAction","target":{"@type":"EntryPoint","urlTemplate":"https:\/\/www.montluconcoeurdeville.org\/?s={search_term_string}"},"query-input":"required name=search_term_string"}],"inLanguage":"fr-FR"},{"@type":"Organization","@id":"https:\/\/www.montluconcoeurdeville.org\/#organization","name":"Montlu\u00e7on C\u0153ur de Ville","url":"https:\/\/www.montluconcoeurdeville.org\/","logo":{"@type":"ImageObject","inLanguage":"fr-FR","@id":"https:\/\/www.montluconcoeurdeville.org\/#\/schema\/logo\/image\/","url":"https:\/\/www.montluconcoeurdeville.org\/wp-content\/uploads\/2023\/02\/cropped-cropped-cropped-cropped-cropped-cropped-cropped-logo1-1.png","contentUrl":"https:\/\/www.montluconcoeurdeville.org\/wp-content\/uploads\/2023\/02\/cropped-cropped-cropped-cropped-cropped-cropped-cropped-logo1-1.png","width":1999,"height":943,"caption":"Montlu\u00e7on C\u0153ur de Ville"},"image":{"@id":"https:\/\/www.montluconcoeurdeville.org\/#\/schema\/logo\/image\/"}}]}},"_links":{"self":[{"href":"https:\/\/www.montluconcoeurdeville.org\/index.php\/wp-json\/wp\/v2\/pages\/1382","targetHints":{"allow":["GET"]}}],"collection":[{"href":"https:\/\/www.montluconcoeurdeville.org\/index.php\/wp-json\/wp\/v2\/pages"}],"about":[{"href":"https:\/\/www.montluconcoeurdeville.org\/index.php\/wp-json\/wp\/v2\/types\/page"}],"author":[{"embeddable":true,"href":"https:\/\/www.montluconcoeurdeville.org\/index.php\/wp-json\/wp\/v2\/users\/3"}],"replies":[{"embeddable":true,"href":"https:\/\/www.montluconcoeurdeville.org\/index.php\/wp-json\/wp\/v2\/comments?post=1382"}],"version-history":[{"count":112,"href":"https:\/\/www.montluconcoeurdeville.org\/index.php\/wp-json\/wp\/v2\/pages\/1382\/revisions"}],"predecessor-version":[{"id":2079,"href":"https:\/\/www.montluconcoeurdeville.org\/index.php\/wp-json\/wp\/v2\/pages\/1382\/revisions\/2079"}],"wp:attachment":[{"href":"https:\/\/www.montluconcoeurdeville.org\/index.php\/wp-json\/wp\/v2\/media?parent=1382"}],"curies":[{"name":"wp","href":"https:\/\/api.w.org\/{rel}","templated":true}]}}